{"id":24085,"date":"2024-02-14T11:02:38","date_gmt":"2024-02-14T08:02:38","guid":{"rendered":"https:\/\/celmomobilya.com\/urun\/conjunto-de-sofa-esquinero-siesta\/"},"modified":"2024-02-14T11:02:38","modified_gmt":"2024-02-14T08:02:38","slug":"conjunto-de-sofa-esquinero-siesta","status":"publish","type":"product","link":"https:\/\/celmomobilya.com\/es\/producto\/conjunto-de-sofa-esquinero-siesta\/","title":{"rendered":"Conjunto de Sof\u00e1 Esquinero Siesta"},"content":{"rendered":"<p>El Conjunto de Sof\u00e1 Esquinero Siesta aporta un aire sofisticado a sus espacios de vida con su dise\u00f1o moderno y elegante. Gracias a su amplio espacio de asiento y cojines de gran confort, es una opci\u00f3n perfecta tanto para reuniones familiares como para momentos de descanso personal. Su estructura ergon\u00f3mica proporciona un soporte ideal para el cuerpo, garantizando comodidad incluso durante largas sesiones. Con su tejido de alta calidad y materiales duraderos, el Conjunto de Sof\u00e1 Esquinero Siesta ofrece una larga vida \u00fatil, destacando adem\u00e1s por su apariencia est\u00e9tica. Gracias a su estructura modular, se adapta f\u00e1cilmente a diferentes espacios y se puede reorganizar seg\u00fan sus necesidades. Disponible en una variedad de colores y tejidos, se puede personalizar para integrarse perfectamente en su decoraci\u00f3n. Si desea a\u00f1adir confort y elegancia a su hogar, el Conjunto de Sof\u00e1 Esquinero Siesta es la elecci\u00f3n perfecta.<\/p>\n<div class=\"olcu-table\">\n<h4 style=\"text-align: center;\">Dimensiones del Producto<\/h4>\n<table>\n<thead>\n<tr>\n<th><\/th>\n<th>Altura<\/th>\n<th>Anchura<\/th>\n<th>Profundidad<\/th>\n<\/tr>\n<\/thead>\n<tbody>\n<tr>\n<td>M\u00f3dulo Triple<\/td>\n<td>75 cm<\/td>\n<td>210 cm<\/td>\n<td>105 cm<\/td>\n<\/tr>\n<tr>\n<td>M\u00f3dulo Central<\/td>\n<td>75 cm<\/td>\n<td>75 cm<\/td>\n<td>105 cm<\/td>\n<\/tr>\n<\/tbody>\n<\/table>\n<\/div>\n","protected":false},"excerpt":{"rendered":"<p>El Conjunto de Sof\u00e1 Esquinero Siesta aporta un aire sofisticado a sus espacios de vida con su dise\u00f1o moderno y<\/p>\n","protected":false},"featured_media":24086,"template":"","meta":[],"product_brand":[],"product_cat":[98],"product_tag":[],"class_list":{"0":"post-24085","1":"product","2":"type-product","3":"status-publish","4":"has-post-thumbnail","6":"product_cat-conjuntos-de-esquina","8":"first","9":"instock","10":"shipping-taxable","11":"product-type-simple"},"yoast_head":"<!-- This site is optimized with the Yoast SEO Premium plugin v21.3 (Yoast SEO v27.3) - https:\/\/yoast.com\/product\/yoast-seo-premium-wordpress\/ -->\n<title>Conjunto de Sof\u00e1 Esquinero Siesta - \u00c7elmo Mobilya<\/title>\n<meta name=\"robots\" content=\"index, follow, max-snippet:-1, max-image-preview:large, max-video-preview:-1\" \/>\n<link rel=\"canonical\" href=\"https:\/\/celmomobilya.com\/es\/producto\/conjunto-de-sofa-esquinero-siesta\/\" \/>\n<meta property=\"og:locale\" content=\"es_ES\" \/>\n<meta property=\"og:type\" content=\"article\" \/>\n<meta property=\"og:title\" content=\"Conjunto de Sof\u00e1 Esquinero Siesta - \u00c7elmo Mobilya\" \/>\n<meta property=\"og:description\" content=\"El Conjunto de Sof\u00e1 Esquinero Siesta aporta un aire sofisticado a sus espacios de vida con su dise\u00f1o moderno y\" \/>\n<meta property=\"og:url\" content=\"https:\/\/celmomobilya.com\/es\/producto\/conjunto-de-sofa-esquinero-siesta\/\" \/>\n<meta property=\"og:site_name\" content=\"\u00c7elmo Mobilya\" \/>\n<meta property=\"article:publisher\" content=\"https:\/\/www.facebook.com\/celmohome\" \/>\n<meta property=\"og:image\" content=\"https:\/\/celmomobilya.com\/wp-content\/uploads\/2024\/02\/CELMO_128528-scaled.jpg\" \/>\n\t<meta property=\"og:image:width\" content=\"2560\" \/>\n\t<meta property=\"og:image:height\" content=\"1867\" \/>\n\t<meta property=\"og:image:type\" content=\"image\/jpeg\" \/>\n<meta name=\"twitter:card\" content=\"summary_large_image\" \/>\n<meta name=\"twitter:label1\" content=\"Tiempo de lectura\" \/>\n\t<meta name=\"twitter:data1\" content=\"1 minuto\" \/>\n<script type=\"application\/ld+json\" class=\"yoast-schema-graph\">{\"@context\":\"https:\\\/\\\/schema.org\",\"@graph\":[{\"@type\":\"WebPage\",\"@id\":\"https:\\\/\\\/celmomobilya.com\\\/es\\\/producto\\\/conjunto-de-sofa-esquinero-siesta\\\/\",\"url\":\"https:\\\/\\\/celmomobilya.com\\\/es\\\/producto\\\/conjunto-de-sofa-esquinero-siesta\\\/\",\"name\":\"Conjunto de Sof\u00e1 Esquinero Siesta - \u00c7elmo Mobilya\",\"isPartOf\":{\"@id\":\"https:\\\/\\\/celmomobilya.com\\\/es\\\/#website\"},\"primaryImageOfPage\":{\"@id\":\"https:\\\/\\\/celmomobilya.com\\\/es\\\/producto\\\/conjunto-de-sofa-esquinero-siesta\\\/#primaryimage\"},\"image\":{\"@id\":\"https:\\\/\\\/celmomobilya.com\\\/es\\\/producto\\\/conjunto-de-sofa-esquinero-siesta\\\/#primaryimage\"},\"thumbnailUrl\":\"https:\\\/\\\/celmomobilya.com\\\/wp-content\\\/uploads\\\/2024\\\/02\\\/CELMO_128528-scaled.jpg\",\"datePublished\":\"2024-02-14T08:02:38+00:00\",\"breadcrumb\":{\"@id\":\"https:\\\/\\\/celmomobilya.com\\\/es\\\/producto\\\/conjunto-de-sofa-esquinero-siesta\\\/#breadcrumb\"},\"inLanguage\":\"es\",\"potentialAction\":[{\"@type\":\"ReadAction\",\"target\":[\"https:\\\/\\\/celmomobilya.com\\\/es\\\/producto\\\/conjunto-de-sofa-esquinero-siesta\\\/\"]}]},{\"@type\":\"ImageObject\",\"inLanguage\":\"es\",\"@id\":\"https:\\\/\\\/celmomobilya.com\\\/es\\\/producto\\\/conjunto-de-sofa-esquinero-siesta\\\/#primaryimage\",\"url\":\"https:\\\/\\\/celmomobilya.com\\\/wp-content\\\/uploads\\\/2024\\\/02\\\/CELMO_128528-scaled.jpg\",\"contentUrl\":\"https:\\\/\\\/celmomobilya.com\\\/wp-content\\\/uploads\\\/2024\\\/02\\\/CELMO_128528-scaled.jpg\",\"width\":2560,\"height\":1867},{\"@type\":\"BreadcrumbList\",\"@id\":\"https:\\\/\\\/celmomobilya.com\\\/es\\\/producto\\\/conjunto-de-sofa-esquinero-siesta\\\/#breadcrumb\",\"itemListElement\":[{\"@type\":\"ListItem\",\"position\":1,\"name\":\"Productos\",\"item\":\"https:\\\/\\\/celmomobilya.com\\\/es\\\/shop\\\/\"},{\"@type\":\"ListItem\",\"position\":2,\"name\":\"Conjunto de Sof\u00e1 Esquinero Siesta\"}]},{\"@type\":\"WebSite\",\"@id\":\"https:\\\/\\\/celmomobilya.com\\\/es\\\/#website\",\"url\":\"https:\\\/\\\/celmomobilya.com\\\/es\\\/\",\"name\":\"\u00c7elmo Mobilya\",\"description\":\"Modern ve Luxury Ev Mobilyalar\u0131\",\"potentialAction\":[{\"@type\":\"SearchAction\",\"target\":{\"@type\":\"EntryPoint\",\"urlTemplate\":\"https:\\\/\\\/celmomobilya.com\\\/es\\\/?s={search_term_string}\"},\"query-input\":{\"@type\":\"PropertyValueSpecification\",\"valueRequired\":true,\"valueName\":\"search_term_string\"}}],\"inLanguage\":\"es\"}]}<\/script>\n<!-- \/ Yoast SEO Premium plugin. -->","yoast_head_json":{"title":"Conjunto de Sof\u00e1 Esquinero Siesta - \u00c7elmo Mobilya","robots":{"index":"index","follow":"follow","max-snippet":"max-snippet:-1","max-image-preview":"max-image-preview:large","max-video-preview":"max-video-preview:-1"},"canonical":"https:\/\/celmomobilya.com\/es\/producto\/conjunto-de-sofa-esquinero-siesta\/","og_locale":"es_ES","og_type":"article","og_title":"Conjunto de Sof\u00e1 Esquinero Siesta - \u00c7elmo Mobilya","og_description":"El Conjunto de Sof\u00e1 Esquinero Siesta aporta un aire sofisticado a sus espacios de vida con su dise\u00f1o moderno y","og_url":"https:\/\/celmomobilya.com\/es\/producto\/conjunto-de-sofa-esquinero-siesta\/","og_site_name":"\u00c7elmo Mobilya","article_publisher":"https:\/\/www.facebook.com\/celmohome","og_image":[{"width":2560,"height":1867,"url":"https:\/\/celmomobilya.com\/wp-content\/uploads\/2024\/02\/CELMO_128528-scaled.jpg","type":"image\/jpeg"}],"twitter_card":"summary_large_image","twitter_misc":{"Tiempo de lectura":"1 minuto"},"schema":{"@context":"https:\/\/schema.org","@graph":[{"@type":"WebPage","@id":"https:\/\/celmomobilya.com\/es\/producto\/conjunto-de-sofa-esquinero-siesta\/","url":"https:\/\/celmomobilya.com\/es\/producto\/conjunto-de-sofa-esquinero-siesta\/","name":"Conjunto de Sof\u00e1 Esquinero Siesta - \u00c7elmo Mobilya","isPartOf":{"@id":"https:\/\/celmomobilya.com\/es\/#website"},"primaryImageOfPage":{"@id":"https:\/\/celmomobilya.com\/es\/producto\/conjunto-de-sofa-esquinero-siesta\/#primaryimage"},"image":{"@id":"https:\/\/celmomobilya.com\/es\/producto\/conjunto-de-sofa-esquinero-siesta\/#primaryimage"},"thumbnailUrl":"https:\/\/celmomobilya.com\/wp-content\/uploads\/2024\/02\/CELMO_128528-scaled.jpg","datePublished":"2024-02-14T08:02:38+00:00","breadcrumb":{"@id":"https:\/\/celmomobilya.com\/es\/producto\/conjunto-de-sofa-esquinero-siesta\/#breadcrumb"},"inLanguage":"es","potentialAction":[{"@type":"ReadAction","target":["https:\/\/celmomobilya.com\/es\/producto\/conjunto-de-sofa-esquinero-siesta\/"]}]},{"@type":"ImageObject","inLanguage":"es","@id":"https:\/\/celmomobilya.com\/es\/producto\/conjunto-de-sofa-esquinero-siesta\/#primaryimage","url":"https:\/\/celmomobilya.com\/wp-content\/uploads\/2024\/02\/CELMO_128528-scaled.jpg","contentUrl":"https:\/\/celmomobilya.com\/wp-content\/uploads\/2024\/02\/CELMO_128528-scaled.jpg","width":2560,"height":1867},{"@type":"BreadcrumbList","@id":"https:\/\/celmomobilya.com\/es\/producto\/conjunto-de-sofa-esquinero-siesta\/#breadcrumb","itemListElement":[{"@type":"ListItem","position":1,"name":"Productos","item":"https:\/\/celmomobilya.com\/es\/shop\/"},{"@type":"ListItem","position":2,"name":"Conjunto de Sof\u00e1 Esquinero Siesta"}]},{"@type":"WebSite","@id":"https:\/\/celmomobilya.com\/es\/#website","url":"https:\/\/celmomobilya.com\/es\/","name":"\u00c7elmo Mobilya","description":"Modern ve Luxury Ev Mobilyalar\u0131","potentialAction":[{"@type":"SearchAction","target":{"@type":"EntryPoint","urlTemplate":"https:\/\/celmomobilya.com\/es\/?s={search_term_string}"},"query-input":{"@type":"PropertyValueSpecification","valueRequired":true,"valueName":"search_term_string"}}],"inLanguage":"es"}]}},"_links":{"self":[{"href":"https:\/\/celmomobilya.com\/es\/wp-json\/wp\/v2\/product\/24085","targetHints":{"allow":["GET"]}}],"collection":[{"href":"https:\/\/celmomobilya.com\/es\/wp-json\/wp\/v2\/product"}],"about":[{"href":"https:\/\/celmomobilya.com\/es\/wp-json\/wp\/v2\/types\/product"}],"wp:featuredmedia":[{"embeddable":true,"href":"https:\/\/celmomobilya.com\/es\/wp-json\/wp\/v2\/media\/24086"}],"wp:attachment":[{"href":"https:\/\/celmomobilya.com\/es\/wp-json\/wp\/v2\/media?parent=24085"}],"wp:term":[{"taxonomy":"product_brand","embeddable":true,"href":"https:\/\/celmomobilya.com\/es\/wp-json\/wp\/v2\/product_brand?post=24085"},{"taxonomy":"product_cat","embeddable":true,"href":"https:\/\/celmomobilya.com\/es\/wp-json\/wp\/v2\/product_cat?post=24085"},{"taxonomy":"product_tag","embeddable":true,"href":"https:\/\/celmomobilya.com\/es\/wp-json\/wp\/v2\/product_tag?post=24085"}],"curies":[{"name":"wp","href":"https:\/\/api.w.org\/{rel}","templated":true}]}}